{"id":2894,"date":"2022-06-06T12:42:59","date_gmt":"2022-06-06T15:42:59","guid":{"rendered":"https:\/\/cbblanca-bue.infd.edu.ar\/sitio\/?page_id=2894"},"modified":"2025-12-22T17:36:37","modified_gmt":"2025-12-22T20:36:37","slug":"edi-de-la-carrera-prof-en-musica-or-instrumento-canto-musica-popular","status":"publish","type":"page","link":"https:\/\/cbblanca-bue.infd.edu.ar\/sitio\/edi-de-la-carrera-prof-en-musica-or-instrumento-canto-musica-popular\/","title":{"rendered":"EDI de la carrera Prof. en M\u00fasica (or. Instrumento\/Canto\/M\u00fasica Popular)"},"content":{"rendered":"\n<input type=\"button\" name=\"imprimir\" value=\"Imprimir\" onclick=\"window.print();\">\n\n\n\n<h4 class=\"wp-block-heading has-text-align-center has-accent-color has-text-color\"><strong><strong>OFERTA de Espacios de Definici\u00f3n Institucional &#8211; Ciclo lectivo 202<\/strong><\/strong>5<\/h4>\n\n\n\n<div class=\"wp-block-buttons is-horizontal is-content-justification-center is-layout-flex wp-container-1\">\n<div class=\"wp-block-button\"><a class=\"wp-block-button__link wp-element-button\" href=\"https:\/\/cbblanca-bue.infd.edu.ar\/sitio\/edi\" target=\"_blank\" rel=\"noreferrer noopener\">Consult\u00e1 la informaci\u00f3n general cliqueando aqu\u00ed<\/a><\/div>\n<\/div>\n\n\n\n<h3 class=\"wp-block-heading has-text-align-center\">Profesorado y Tecnicaturas (orientaci\u00f3n Canto)<\/h3>\n\n\n\n<p class=\"has-text-align-center\">Carga horaria: <strong>6 EDIs (384 hs.)<\/strong><\/p>\n\n\n\n<figure class=\"wp-block-table\" style=\"font-size:14px\"><table class=\"has-fixed-layout\"><thead><tr><th><strong>EDI<\/strong>&nbsp;<strong>(Espacio de Definici\u00f3n Institucional<\/strong>)<\/th><th><strong>DOCENTE<\/strong><\/th><th><strong>D\u00cdA Y HORARIO<\/strong><\/th><th><strong>AULA<\/strong><\/th><th><strong>ACREDITA EN<\/strong><\/th><\/tr><\/thead><tbody><tr><td>Taller de \u00f3pera 1<\/td><td>Hirschfeldt, Felipe<\/td><td>Viernes 12 a 14<\/td><td>Lamadrid 11B<\/td><td><strong>1er a\u00f1o<\/strong><\/td><\/tr><tr><td>Taller de \u00f3pera 2<\/td><td>Hirschfeldt, Felipe<\/td><td>Viernes 12 a 14<\/td><td>Lamadrid 11B<\/td><td><strong>2do a\u00f1o<\/strong><\/td><\/tr><tr><td>Actividades y recursos musicales para la escolaridad primaria<\/td><td>D\u00edaz Alchu, Mayra<\/td><td>Lunes 13.30 a 15.30<\/td><td>Lamadrid 10<\/td><td><strong>2do a\u00f1o<\/strong><\/td><\/tr><tr><td>Taller de producci\u00f3n, grabaci\u00f3n y edici\u00f3n por medios inform\u00e1ticos<\/td><td>Cerana, Juan Ignacio<\/td><td>Jueves 15.40 a 17.40<\/td><td>Lamadrid 6<\/td><td><strong>3er a\u00f1o<\/strong><\/td><\/tr><tr><td>Gesti\u00f3n Cultural y Producci\u00f3n Art\u00edstica<\/td><td>Angelini, Manuel<\/td><td>Miercoles 15.40 a 17.40<\/td><td>Lamadrid Multimedia<\/td><td><strong>4to a\u00f1o<\/strong> <\/td><\/tr><\/tbody><\/table><\/figure>\n\n\n\n<h3 class=\"wp-block-heading has-text-align-center\">Profesorado y Tecnicaturas (or. Instrumento y or. M\u00fasica Popular)<\/h3>\n\n\n\n<p class=\"has-text-align-center\">Carga horaria: <strong>3 EDIs (192 hs.)<\/strong><\/p>\n\n\n\n<figure class=\"wp-block-table\" style=\"font-size:14px\"><table class=\"has-fixed-layout\"><thead><tr><th><strong>EDI<\/strong>&nbsp;<strong>(Espacio de Definici\u00f3n Institucional<\/strong>)<\/th><th><strong>DOCENTE<\/strong><\/th><th><strong>D\u00cdA Y HORARIO<\/strong><\/th><th><strong>AULA<\/strong><\/th><th><strong>ACREDITA EN<\/strong><\/th><\/tr><\/thead><tbody><tr><td>Bases funcionales para la voz del docente<\/td><td>Saltari, Melina<\/td><td>Lunes 16 a 18<\/td><td>Lamadrid 4<\/td><td><strong>2do<\/strong>, <strong>3er <\/strong>o <strong>4to<\/strong> a\u00f1o<\/td><\/tr><tr><td>Actividades y recursos musicales para la escolaridad primaria<\/td><td>Diaz Alchu, Mayra<\/td><td>Lunes 13.30 a 15.30<\/td><td>Lamadrid 10<\/td><td><strong>2do<\/strong>, <strong>3er <\/strong>o <strong>4to<\/strong> a\u00f1o<\/td><\/tr><tr><td>Taller de producci\u00f3n, grabaci\u00f3n y edici\u00f3n por medios inform\u00e1ticos<\/td><td>Cerana, Juan Ignacio<\/td><td>Jueves 15.40 a 17.40<\/td><td>Lamadrid 6<\/td><td><strong>2do<\/strong>, <strong>3er <\/strong>o <strong>4to<\/strong> a\u00f1o<\/td><\/tr><tr><td>Gesti\u00f3n Cultural y Producci\u00f3n Art\u00edstica<\/td><td>Angelini, Manuel<\/td><td>Mi\u00e9rcoles 15.40 a 17.40<\/td><td>Lamadrid Multimedia<\/td><td><strong>2do<\/strong>, <strong>3er <\/strong>o <strong>4to<\/strong> a\u00f1o<\/td><\/tr><tr><td>Ensamble de Tango<\/td><td>Fern\u00e1ndez Vicente, Nicol\u00e1s<\/td><td>Lunes de 20 a 22<\/td><td>Lamadrid Auditorio<\/td><td><strong>2do<\/strong>, <strong>3er <\/strong>o <strong>4to<\/strong> a\u00f1o<\/td><\/tr><tr><td>Composici\u00f3n e instrumentaci\u00f3n<\/td><td>Ares, Gast\u00f3n<\/td><td>Viernes 17.50 a 19.50<\/td><td>Lamadrid 8<\/td><td><strong>4to<\/strong> a\u00f1o<\/td><\/tr><\/tbody><\/table><\/figure>\n\n\n\n<hr class=\"wp-block-separator has-css-opacity\"\/>\n\n\n\n<h4 class=\"wp-block-heading\"><strong><mark style=\"background-color:rgba(0, 0, 0, 0)\" class=\"has-inline-color has-vivid-purple-color\">EDI \u201c<strong><strong>Bases funcionales para la voz docente<\/strong><\/strong>\u201d<\/mark><\/strong><\/h4>\n\n\n\n<p><strong>Acredita en la carrera:&nbsp;<\/strong>Profesorado y Tecnicaturas (orientaci\u00f3n INSTRUMENTO), Profesorado y Tecnicaturas (orientaci\u00f3n INSTRUMENTO\/CANTO M\u00fasica Popular)<\/p>\n\n\n\n<pre class=\"wp-block-preformatted\"><strong>Prof. Melina Saltari\n<\/strong>Lunes 16 a 18 horas \/Aula 4, sede Lamadrid<strong>\nContacto: <a href=\"mailto:mdiazalchu@abc.gob.ar\">mesaltari@abc.gob.ar<\/a><\/strong><\/pre>\n\n\n\n<p>Es un espacio que tiene como finalidad brindarle al futuro docente conocimientos sobre su instrumento corporo\/ vocal y recursos que le permitan desarrollar y optimizar su voz, con el fin de disfrutar de una comunicaci\u00f3n plena en el ejercicio de la docencia, tanto al hablar como al cantar y as\u00ed prevenir patolog\u00edas de la voz. Algunas preguntas que podr\u00e1s responderte son las siguientes:<\/p>\n\n\n\n<ul>\n<li>\u00bfC\u00f3mo funciona nuestro cuerpo para podrucir sonido? <\/li>\n\n\n\n<li>\u00bfQu\u00e9 ejercicios me ayudan a desarrollar mi instrumento corporo\/vocal?<\/li>\n\n\n\n<li>\u00bfQu\u00e9 estoy haciendo que pueda estar atentando contra mi voz? <\/li>\n\n\n\n<li>\u00bfC\u00f3mo puedo prevenir enfermedades en la voz?<\/li>\n\n\n\n<li>\u00bfSe entrenan de manera diferente la voz hablada y la voz cantada?<\/li>\n\n\n\n<li>\u00bfPuedo crear mi propia rutina de entrenamiento corporo\/vocal?<\/li>\n<\/ul>\n\n\n\n<hr class=\"wp-block-separator has-css-opacity\"\/>\n\n\n\n<h4 class=\"wp-block-heading\"><strong><span class=\"has-inline-color has-vivid-purple-color\">EDI \u201c<strong><strong>Actividades y Recursos para la Escolaridad Obligatoria<\/strong><\/strong>\u201d<\/span><\/strong><\/h4>\n\n\n\n<p><strong>Acredita en la carrera:&nbsp;<\/strong>Profesorado y Tecnicaturas (orientaci\u00f3n INSTRUMENTO), Profesorado y Tecnicaturas (orientaci\u00f3n INSTRUMENTO\/CANTO M\u00fasica Popular), Profesorado y Tecnicaturas (orientaci\u00f3n CANTO).<\/p>\n\n\n\n<pre class=\"wp-block-preformatted\"><strong>Prof. Mayra D\u00edaz Alchu\n<\/strong>Lunes 13:30 a 15.30 horas \/Aula 13, sede Lamadrid<strong>\nContacto: <a href=\"mailto:mdiazalchu@abc.gob.ar\">mdiazalchu@abc.gob.ar<\/a><\/strong><\/pre>\n\n\n\n<p>Es un espacio de acercamiento a la Educaci\u00f3n Musical, desde un hacer participativo y colaborativo, con clases din\u00e1micas y variadas.<\/p>\n\n\n\n<p>Entre las actividades y contenidos que se abordar\u00e1n podr\u00e1s encontrar las siguientes:<\/p>\n\n\n\n<ul>\n<li>Repertorio Infantil latinoamericano<\/li>\n\n\n\n<li>Creaci\u00f3n de Actividades por niveles (inicial, primario, secundario)<\/li>\n\n\n\n<li>Creaci\u00f3n de Arreglos acordes a cada nivel<\/li>\n\n\n\n<li>Juegos musicales<\/li>\n\n\n\n<li>Construcci\u00f3n de instrumentos de utilizaci\u00f3n escolar<\/li>\n\n\n\n<li>Nociones de direcci\u00f3n de ensambles vocal\/instrumental<\/li>\n\n\n\n<li>Nociones de Percusi\u00f3n por se\u00f1as<\/li>\n\n\n\n<li>Tics (fichas interactivas, trivias virtuales, etc.)<\/li>\n\n\n\n<li>\u00bfC\u00f3mo armar un proyecto escolar?<\/li>\n<\/ul>\n\n\n\n<figure class=\"wp-block-embed is-type-video is-provider-youtube wp-block-embed-youtube wp-embed-aspect-16-9 wp-has-aspect-ratio\"><div class=\"wp-block-embed__wrapper\">\n<iframe loading=\"lazy\" title=\"EDI Actividades y Recursos para la Escolaridad Obligatoria\" width=\"1200\" height=\"675\" src=\"https:\/\/www.youtube.com\/embed\/UBiMgAD5py0?start=6&#038;feature=oembed\" frameborder=\"0\" allow=\"accelerometer; autoplay; clipboard-write; encrypted-media; gyroscope; picture-in-picture; web-share\" referrerpolicy=\"strict-origin-when-cross-origin\" allowfullscreen><\/iframe>\n<\/div><figcaption class=\"wp-element-caption\">Material elaborado por la c\u00e1tedra<\/figcaption><\/figure>\n\n\n\n<p><strong><span class=\"has-inline-color has-vivid-purple-color\">\u00bfQui\u00e9nes pueden cursar este EDI?<\/span><\/strong><\/p>\n\n\n\n<ul>\n<li>Estudiantes de la carrera en la que acredita.<\/li>\n\n\n\n<li>Estudiantes con la Formaci\u00f3n B\u00e1sica COMPLETA o de otras carreras en donde no acredita.<\/li>\n\n\n\n<li>Estudiantes con la Formaci\u00f3n B\u00e1sica incompleta o VISITANTES: no se otorga acreditaci\u00f3n ni certificaci\u00f3n, s\u00f3lo contribuye a la formaci\u00f3n personal del que cursa.<\/li>\n<\/ul>\n\n\n\n<h5 class=\"wp-block-heading\"><strong><span class=\"has-inline-color has-vivid-purple-color\">Requisitos espec\u00edficos de este EDI<\/span><\/strong><\/h5>\n\n\n\n<ul>\n<li>Secundario completo.<\/li>\n\n\n\n<li>Cantar y acompa\u00f1arse con un instrumento arm\u00f3nico fluidamente.<\/li>\n\n\n\n<li>VISITANTES: esta modalidad est\u00e1 supeditada al cupo de inscripciones y\/o proyecto anual de la materia. Quienes est\u00e9n interesados en participar deber\u00e1n solicitar la inscripci\u00f3n en Jefatura de \u00c1rea.<\/li>\n<\/ul>\n\n\n\n<hr class=\"wp-block-separator has-css-opacity\"\/>\n\n\n\n<h4 class=\"wp-block-heading\"><strong><span class=\"has-inline-color has-vivid-purple-color\">EDI \u201c<strong><strong>Taller de Opera 1 y 2<\/strong><\/strong>\u201d<\/span><\/strong><\/h4>\n\n\n\n<p><strong>Acredita en la carrera:&nbsp;<\/strong>Profesorado y Tecnicaturas (orientaci\u00f3n CANTO).<\/p>\n\n\n\n<pre class=\"wp-block-preformatted\"><strong>Prof. Felipe Hirschfeldt\n<\/strong>Viernes 12:00 a 14.00 horas \/Aula 5, sede Lamadrid<strong>\nContacto: <a href=\"mailto:hirschfeldt@abc.gob.ar\">hirschfeldt@abc.gob.ar<\/a><\/strong><\/pre>\n\n\n\n<p>El Taller de Opera 1 y 2, en su reformulaci\u00f3n a partir del contexto pand\u00e9mico, propone un espacio de an\u00e1lisis y reflexi\u00f3n de la pr\u00e1ctica oper\u00edstica en tanto intervenci\u00f3n social. En este sentido, haremos un recorrido desde sus or\u00edgenes como divertimento cortesano hasta sus manifestaciones actuales en este mundo globalizado, puntualizando en el an\u00e1lisis y la reflexi\u00f3n las obras m\u00e1s representativas de cada per\u00edodo. Asimismo, reflexionaremos sobre las instancias de recepci\u00f3n por parte del p\u00fablico. En este sentido, cada nueva \u00e9poca, cultura y grupo social deja en ella sus huellas determinando su funci\u00f3n social, el rol del compositor, de los int\u00e9rpretes y su manera de comprenderla.<\/p>\n\n\n\n<h5 class=\"wp-block-heading\"><strong><span class=\"has-inline-color has-vivid-purple-color\">\u00bfQui\u00e9nes pueden cursar este EDI?<\/span><\/strong><\/h5>\n\n\n\n<ul>\n<li>Estudiantes de la carrera en la que acredita.<\/li>\n\n\n\n<li>Estudiantes con la Formaci\u00f3n B\u00e1sica COMPLETA o de otras carreras en donde no acredita.<\/li>\n\n\n\n<li>Estudiantes con la Formaci\u00f3n B\u00e1sica incompleta o VISITANTES: no se otorga acreditaci\u00f3n ni certificaci\u00f3n, s\u00f3lo contribuye a la formaci\u00f3n personal del que cursa.<\/li>\n<\/ul>\n\n\n\n<h5 class=\"wp-block-heading\"><strong><span class=\"has-inline-color has-vivid-purple-color\">Requisitos espec\u00edficos de este EDI<\/span><\/strong><\/h5>\n\n\n\n<ul>\n<li>El \u201cTaller de Opera 2\u201d requiere el \u201cTaller de Opera 1\u201d.<\/li>\n\n\n\n<li>Secundario completo.<\/li>\n\n\n\n<li>VISITANTES: esta modalidad est\u00e1 supeditada al cupo de inscripciones y\/o proyecto anual de la materia. Quienes est\u00e9n interesados en participar deber\u00e1n solicitar la inscripci\u00f3n en Jefatura de \u00c1rea.<\/li>\n<\/ul>\n\n\n\n<hr class=\"wp-block-separator has-css-opacity\"\/>\n\n\n\n<h4 class=\"wp-block-heading\"><strong><span class=\"has-inline-color has-vivid-purple-color\">EDI \u201c<strong><strong>T<strong>aller de producci\u00f3n por medios inform\u00e1ticos<\/strong><\/strong><\/strong><\/span><\/strong><strong><span class=\"has-inline-color has-vivid-purple-color\">\u201d<\/span><\/strong><\/h4>\n\n\n\n<p><strong>Acredita en la carrera:&nbsp;<\/strong>Profesorado y Tecnicaturas (orientaci\u00f3n INSTRUMENTO), Profesorado y Tecnicaturas (orientaci\u00f3n INSTRUMENTO\/CANTO M\u00fasica Popular), Profesorado y Tecnicaturas (orientaci\u00f3n CANTO).<\/p>\n\n\n\n<pre class=\"wp-block-preformatted\"><strong>Prof. Juan Ignacio Cerana\n<\/strong>Jueves 15.40 a 17.40 \/ Aula 6, sede Lamadrid<strong>\nContacto: <a href=\"mailto:jicerana@uns.edu.ar\">jicerana@uns.edu.ar<\/a>; <a href=\"mailto:juacerana@gmail.com\">juacerana@gmail.com<\/a><\/strong><\/pre>\n\n\n\n<p>El Taller de Producci\u00f3n por Medios Inform\u00e1ticos tiene como finalidad que el\/la futuro\/a docente, instrumentista, cantante; maneje los distintos conceptos, procedimientos, instrumentos y recursos que la tecnolog\u00eda pone a su disposici\u00f3n para la Producci\u00f3n Musical. Complementariamente, que reconozca, aprenda y utilice diversas t\u00e9cnicas de grabaci\u00f3n, microfoneo, mezcla, ecualizaci\u00f3n, compresi\u00f3n, etc\u00e9tera, necesarias para el trabajo con audio, y entonces poder, entre otras cosas:<\/p>\n\n\n\n<ul>\n<li>Registrar interpretaciones \u201cen estudio\u201d o \u201cen vivo\u201d, propias o ajenas; para estudiar, archivar, presentar a terceros, etc\u00e9tera; y restaurar grabaciones registradas en otros medios.<\/li>\n\n\n\n<li>Conocer terminolog\u00eda y conceptos, para poder comunicarse mejor con profesionales del sonido como Ingenieros\/as de Grabaci\u00f3n, Sonidistas, Productores\/as Musicales, etc\u00e9tera.<\/li>\n\n\n\n<li>Generar, en la pr\u00e1ctica docente, actividades \u00e1ulicas.<\/li>\n<\/ul>\n\n\n\n<h5 class=\"wp-block-heading\"><strong><span class=\"has-inline-color has-vivid-purple-color\">\u00bfQui\u00e9nes pueden cursar este EDI?<\/span><\/strong><\/h5>\n\n\n\n<ul>\n<li>Estudiantes de la carrera en la que acredita. <\/li>\n\n\n\n<li>Estudiantes con la Formaci\u00f3n B\u00e1sica COMPLETA o de otras carreras en donde no acredita.<\/li>\n\n\n\n<li>Estudiantes con la Formaci\u00f3n B\u00e1sica incompleta o VISITANTES: no se otorga acreditaci\u00f3n ni certificaci\u00f3n, s\u00f3lo contribuye a la formaci\u00f3n personal del que cursa.<\/li>\n<\/ul>\n\n\n\n<h5 class=\"wp-block-heading\"><strong><span class=\"has-inline-color has-vivid-purple-color\">Requisitos espec\u00edficos de este EDI<\/span><\/strong><\/h5>\n\n\n\n<ul>\n<li>Conocimientos b\u00e1sicos de inform\u00e1tica (nivel usuario) en entorno Windows. <\/li>\n\n\n\n<li>Secundario completo.<\/li>\n\n\n\n<li>VISITANTES: esta modalidad est\u00e1 supeditada al cupo de inscripciones y\/o proyecto anual de la materia. Quienes est\u00e9n interesados en participar deber\u00e1n solicitar la inscripci\u00f3n en Jefatura de \u00c1rea.<\/li>\n<\/ul>\n\n\n\n<hr class=\"wp-block-separator has-css-opacity\"\/>\n\n\n\n<h4 class=\"wp-block-heading\"><strong><span class=\"has-inline-color has-vivid-purple-color\">EDI \u201c<strong><strong><strong>Gesti\u00f3n Cultural y Producci\u00f3n Art\u00edstica<\/strong><\/strong><\/strong>\u201d<\/span><\/strong><\/h4>\n\n\n\n<p><strong>Acredita en la carrera:&nbsp;<\/strong>Profesorado y Tecnicaturas (orientaci\u00f3n INSTRUMENTO), Profesorado y Tecnicaturas (orientaci\u00f3n INSTRUMENTO\/CANTO M\u00fasica Popular), Profesorado y Tecnicaturas (orientaci\u00f3n CANTO).<\/p>\n\n\n\n<pre class=\"wp-block-preformatted\"><strong>Prof. Manuel Angelini\n<\/strong>Mi\u00e9rcoles de 15.40 a 17.40 \/ Aula Multimedia, sede Lamadrid<strong>\nContacto: <a href=\"mailto:mangelini3@abc.gob.ar\">mangelini3@abc.gob.ar<\/a><\/strong><\/pre>\n\n\n\n<p>En este espacio alejaremos moment\u00e1neamente el zoom de la obra art\u00edstica para abarcar un proceso amplio que considere desde el momento en que \u00e9sta se concibe \u2013e incluso antes- hasta la ocasi\u00f3n en que es presentada al p\u00fablico y se sostiene en un proceso de aprovechamiento. Estudiaremos las etapas de producci\u00f3n involucradas en un proyecto art\u00edstico y las distintas perspectivas (t\u00e9cnicas, log\u00edsticas, comunicativas, econ\u00f3micas, interdisciplinarias, etc.) que se deben poner en acci\u00f3n para obtener los resultados deseados.<\/p>\n\n\n\n<p>En base a dos modelos (por un lado el de la producci\u00f3n a gran escala, en general relacionada a la industria del espect\u00e1culo o la gesti\u00f3n cultural p\u00fablica; y por otro lado el de la autogesti\u00f3n o producci\u00f3n independiente) pretendemos analizar esas dos situaciones \u201ctipo\u201d para traspasar herramientas de gesti\u00f3n y adaptarlas a nuestra realidad en la medida que sean un aporte real y concreto.<\/p>\n\n\n\n<p><strong>Palabras clave<\/strong>: Producci\u00f3n; Gesti\u00f3n; Proyecto; Cultura; Roles; Financiamiento; Prensa; Difusi\u00f3n; Industrias Culturales; Rider; T\u00e9cnica; Sonido; Iluminaci\u00f3n.<\/p>\n\n\n\n<h5 class=\"wp-block-heading\"><strong><span class=\"has-inline-color has-vivid-purple-color\">\u00bfQui\u00e9nes pueden cursar este EDI?<\/span><\/strong><\/h5>\n\n\n\n<ul>\n<li>Estudiantes de la carrera en la que acredita. <\/li>\n\n\n\n<li>Estudiantes con la Formaci\u00f3n B\u00e1sica COMPLETA o de otras carreras en donde no acredita.<\/li>\n\n\n\n<li>Estudiantes con la Formaci\u00f3n B\u00e1sica incompleta o VISITANTES: no se otorga acreditaci\u00f3n ni certificaci\u00f3n, s\u00f3lo contribuye a la formaci\u00f3n personal del que cursa.<\/li>\n<\/ul>\n\n\n\n<h5 class=\"wp-block-heading\"><strong><span class=\"has-inline-color has-vivid-purple-color\">Requisitos espec\u00edficos de este EDI<\/span><\/strong><\/h5>\n\n\n\n<ul>\n<li>Secundario completo.<\/li>\n\n\n\n<li>VISITANTES: esta modalidad est\u00e1 supeditada al cupo de inscripciones y\/o proyecto anual de la materia. Quienes est\u00e9n interesados en participar deber\u00e1n solicitar la inscripci\u00f3n en Jefatura de \u00c1rea.<\/li>\n<\/ul>\n\n\n\n<hr class=\"wp-block-separator has-css-opacity\"\/>\n\n\n\n<h4 class=\"wp-block-heading\"><strong><span class=\"has-inline-color has-vivid-purple-color\">EDI \u201c<strong><strong><strong><strong>Ensamble de Tango<\/strong><\/strong><\/strong><\/strong>\u201d<\/span><\/strong><\/h4>\n\n\n\n<p><strong>Acredita en la carrera:&nbsp;<\/strong>Profesorado y Tecnicaturas (orientaci\u00f3n INSTRUMENTO), Profesorado y Tecnicaturas (orientaci\u00f3n INSTRUMENTO\/CANTO M\u00fasica Popular).<\/p>\n\n\n\n<pre class=\"wp-block-preformatted\"><strong>Prof. Nicol\u00e1s Fernandez Vicente\n<\/strong>Lunes de 20 a 22 horas \/ Auditorio, sede Lamadrid<strong>\nContacto: <\/strong><a href=\"mailto:nfernandezvicente@abc.gob.ar\"><strong>nfernandezvicente@abc.gob.ar<\/strong><\/a><\/pre>\n\n\n\n<p>El Ensamble de Tango es un espacio institucional del Conservatorio de M\u00fasica que no solo est\u00e1 abierto a todas las formaciones sino tambi\u00e9n a la comunidad en general. En los encuentros se abordan elementos t\u00e9cnicos b\u00e1sicos del g\u00e9nero tango que se ponen en pr\u00e1ctica en ensamble, ya sea a trav\u00e9s de arreglos preparados especialmente para la formaci\u00f3n o de otros construidos de manera grupal, con pautas m\u00ednimas.<\/p>\n\n\n\n<p>Durante el ciclo lectivo, se elabora el repertorio en torno de dos ejes principales: en el sentido de la tradici\u00f3n (repertorio popular) y en el sentido de la actualidad (repertorio de la recuperaci\u00f3n democr\u00e1tica \/ tango del siglo XXI). <\/p>\n\n\n\n<p class=\"is-style-plain\">Si sos alumno regular del Conser, pod\u00e9s inscribirte a partir  de diciembre. Ingres\u00e1 en este enlace y segu\u00ed el instructivo: <a href=\"https:\/\/cbblanca-bue.infd.edu.ar\/sitio\/regulares\/\">https:\/\/cbblanca-bue.infd.edu.ar\/sitio\/regulares\/<\/a><\/p>\n\n\n\n<p class=\"is-style-plain\">Si ten\u00e9s alg\u00fan inconveniente con la inscripci\u00f3n, envi\u00e1 un mail a <a rel=\"noreferrer noopener\" href=\"mailto:nfernandezvicente@abc.gob.ar\" target=\"_blank\">nfernandezvicente@abc.gob.ar<\/a><\/p>\n\n\n\n<h5 class=\"wp-block-heading\"><strong><mark style=\"background-color:rgba(0, 0, 0, 0)\" class=\"has-inline-color has-vivid-purple-color\">\u00bfQui\u00e9nes pueden cursar este EDI?<\/mark><\/strong><\/h5>\n\n\n\n<ul>\n<li>Estudiantes de la carrera en la que acredita.<\/li>\n\n\n\n<li>Estudiantes con la Formaci\u00f3n B\u00e1sica COMPLETA o de otras carreras en donde no acredita.<\/li>\n\n\n\n<li>Estudiantes con la Formaci\u00f3n B\u00e1sica incompleta o VISITANTES: no se otorga acreditaci\u00f3n ni certificaci\u00f3n, s\u00f3lo contribuye a la formaci\u00f3n personal del que cursa.<\/li>\n<\/ul>\n\n\n\n<h5 class=\"wp-block-heading\"><strong><span class=\"has-inline-color has-vivid-purple-color\">Requisitos espec\u00edficos de este EDI<\/span><\/strong><\/h5>\n\n\n\n<ul>\n<li>Secundario completo.<\/li>\n\n\n\n<li>VISITANTES: esta modalidad est\u00e1 supeditada al cupo de inscripciones y\/o proyecto anual de la materia. Quienes est\u00e9n interesados en participar deber\u00e1n solicitar la inscripci\u00f3n en Jefatura de \u00c1rea.<\/li>\n<\/ul>\n\n\n\n<figure class=\"wp-block-embed is-type-video is-provider-youtube wp-block-embed-youtube wp-embed-aspect-16-9 wp-has-aspect-ratio\"><div class=\"wp-block-embed__wrapper\">\n<iframe loading=\"lazy\" title=\"EDI Ensamble de Tango\" width=\"1200\" height=\"675\" src=\"https:\/\/www.youtube.com\/embed\/videoseries?list=PL8TssvkvD9atTUe7HRSqSt_Vgsd-RO-lN\" frameborder=\"0\" allow=\"accelerometer; autoplay; clipboard-write; encrypted-media; gyroscope; picture-in-picture; web-share\" referrerpolicy=\"strict-origin-when-cross-origin\" allowfullscreen><\/iframe>\n<\/div><figcaption class=\"wp-element-caption\">Lista de reproducci\u00f3n en el canal oficial del Conservatorio de M\u00fasica<\/figcaption><\/figure>\n\n\n\n<hr class=\"wp-block-separator has-css-opacity\"\/>\n\n\n\n<h4 class=\"wp-block-heading\"><strong><span class=\"has-inline-color has-vivid-purple-color\">EDI \u201c<strong><strong><strong><strong><strong>Composici\u00f3n e instrumentaci\u00f3n<\/strong><\/strong><\/strong><\/strong><\/strong>\u201d<\/span><\/strong><\/h4>\n\n\n\n<p><strong>Acredita en la carrera:&nbsp;<\/strong>Profesorado y Tecnicaturas (orientaci\u00f3n INSTRUMENTO), Profesorado y Tecnicaturas (orientaci\u00f3n INSTRUMENTO\/CANTO M\u00fasica Popular).<\/p>\n\n\n\n<pre class=\"wp-block-preformatted\"><strong>Prof. Gast\u00f3n Ares\n<\/strong>Viernes de 17.50 a 19.50 \/ Aula 6, sede Lamadrid<strong>\nContacto: <\/strong><a rel=\"noreferrer noopener\" href=\"mailto:gares@abc.gob.ar\" target=\"_blank\"><strong>gares@abc.gob.ar<\/strong><\/a><\/pre>\n\n\n\n<h5 class=\"wp-block-heading\"><strong><span class=\"has-inline-color has-vivid-purple-color\">\u00bfQui\u00e9nes pueden cursar este EDI?<\/span><\/strong><\/h5>\n\n\n\n<ul>\n<li>Estudiantes de la carrera en la que acredita.<\/li>\n\n\n\n<li>Estudiantes con la Formaci\u00f3n B\u00e1sica COMPLETA o de otras carreras en donde no acredita.<\/li>\n\n\n\n<li>Estudiantes con la Formaci\u00f3n B\u00e1sica incompleta o VISITANTES: no se otorga acreditaci\u00f3n ni certificaci\u00f3n, s\u00f3lo contribuye a la formaci\u00f3n personal del que cursa.<\/li>\n<\/ul>\n\n\n\n<h5 class=\"wp-block-heading\"><strong><span class=\"has-inline-color has-vivid-purple-color\">Requisitos espec\u00edficos de este EDI<\/span><\/strong><\/h5>\n\n\n\n<ul>\n<li>Requiere acreditada la materia \u201cElementos T\u00e9cnicos de la M\u00fasica 3\u201d<\/li>\n\n\n\n<li>Secundario completo.<\/li>\n\n\n\n<li>VISITANTES: esta modalidad est\u00e1 supeditada al cupo de inscripciones y\/o proyecto anual de la materia. Quienes est\u00e9n interesados en participar deber\u00e1n solicitar la inscripci\u00f3n en Jefatura de \u00c1rea.<\/li>\n<\/ul>\n","protected":false},"excerpt":{"rendered":"<p>OFERTA de Espacios de Definici\u00f3n Institucional &#8211; Ciclo lectivo 2025 Profesorado y Tecnicaturas (orientaci\u00f3n Canto) Carga horaria: 6 EDIs (384 hs.) EDI&nbsp;(Espacio de Definici\u00f3n Institucional) DOCENTE D\u00cdA Y HORARIO AULA ACREDITA EN Taller de \u00f3pera 1 Hirschfeldt, Felipe Viernes 12 a 14 Lamadrid 11B 1er a\u00f1o Taller de \u00f3pera 2 Hirschfeldt, Felipe Viernes 12 a &#8230; <a title=\"EDI de la carrera Prof. en M\u00fasica (or. Instrumento\/Canto\/M\u00fasica Popular)\" class=\"read-more\" href=\"https:\/\/cbblanca-bue.infd.edu.ar\/sitio\/edi-de-la-carrera-prof-en-musica-or-instrumento-canto-musica-popular\/\" aria-label=\"More on EDI de la carrera Prof. en M\u00fasica (or. Instrumento\/Canto\/M\u00fasica Popular)\">[+]<\/a><\/p>\n","protected":false},"author":5656,"featured_media":0,"parent":0,"menu_order":0,"comment_status":"closed","ping_status":"closed","template":"","meta":[],"acf":[],"_links":{"self":[{"href":"https:\/\/cbblanca-bue.infd.edu.ar\/sitio\/wp-json\/wp\/v2\/pages\/2894"}],"collection":[{"href":"https:\/\/cbblanca-bue.infd.edu.ar\/sitio\/wp-json\/wp\/v2\/pages"}],"about":[{"href":"https:\/\/cbblanca-bue.infd.edu.ar\/sitio\/wp-json\/wp\/v2\/types\/page"}],"author":[{"embeddable":true,"href":"https:\/\/cbblanca-bue.infd.edu.ar\/sitio\/wp-json\/wp\/v2\/users\/5656"}],"replies":[{"embeddable":true,"href":"https:\/\/cbblanca-bue.infd.edu.ar\/sitio\/wp-json\/wp\/v2\/comments?post=2894"}],"version-history":[{"count":30,"href":"https:\/\/cbblanca-bue.infd.edu.ar\/sitio\/wp-json\/wp\/v2\/pages\/2894\/revisions"}],"predecessor-version":[{"id":4224,"href":"https:\/\/cbblanca-bue.infd.edu.ar\/sitio\/wp-json\/wp\/v2\/pages\/2894\/revisions\/4224"}],"wp:attachment":[{"href":"https:\/\/cbblanca-bue.infd.edu.ar\/sitio\/wp-json\/wp\/v2\/media?parent=2894"}],"curies":[{"name":"wp","href":"https:\/\/api.w.org\/{rel}","templated":true}]}}